{"id":2475,"date":"2022-12-09T10:29:10","date_gmt":"2022-12-09T09:29:10","guid":{"rendered":"https:\/\/www.rosafenster.ch\/produkt\/non class\u00e9\/portes-coulissantes-veka-motion\/"},"modified":"2022-12-09T10:29:10","modified_gmt":"2022-12-09T09:29:10","slug":"portes-coulissantes-veka-motion","status":"publish","type":"product","link":"https:\/\/www.rosafenster.ch\/fr\/produkt\/portes-coulissantes\/plastique-fr\/portes-coulissantes-veka-motion\/","title":{"rendered":"Portes coulissantes Veka Motion"},"content":{"rendered":"<p>Avec la VEKAMOTION 82, VEKA a enti\u00e8rement repens\u00e9 la porte coulissante \u00e0 levage &#8211; pour une fabrication particuli\u00e8rement \u00e9conomique et un montage avantageux. Gr\u00e2ce au nouveau seuil en PVC, il est possible de r\u00e9aliser facilement des passages sans obstacles avec une efficacit\u00e9 \u00e9nerg\u00e9tique maximale. VEKAMOTION 82 permet de r\u00e9aliser de tr\u00e8s grands \u00e9l\u00e9ments avec une grande proportion de verre et des vues r\u00e9duites des vantaux. M\u00eame dans la variante de base, il y a ainsi beaucoup plus de lumi\u00e8re dans l&rsquo;espace de vie. De plus, avec le VEKAMOTION 82 MAX, il existe une variante de design avec une structure de cadre pouvant \u00eatre presque enti\u00e8rement recouverte de cr\u00e9pi.<\/p>\n","protected":false},"excerpt":{"rendered":"<p>Avec la VEKAMOTION 82, VEKA a enti\u00e8rement repens\u00e9 la porte coulissante \u00e0 levage &#8211; pour une fabrication particuli\u00e8rement \u00e9conomique et un montage avantageux. Gr\u00e2ce au nouveau seuil en PVC, il est possible de r\u00e9aliser facilement des passages sans obstacles avec une efficacit\u00e9 \u00e9nerg\u00e9tique maximale. VEKAMOTION 82 permet de r\u00e9aliser de tr\u00e8s grands \u00e9l\u00e9ments avec une [&hellip;]<\/p>\n","protected":false},"featured_media":1186,"comment_status":"open","ping_status":"closed","template":"","meta":{"inline_featured_image":false},"product_brand":[],"product_cat":[154,155],"product_tag":[],"class_list":{"0":"post-2475","1":"product","2":"type-product","3":"status-publish","4":"has-post-thumbnail","6":"product_cat-portes-coulissantes","7":"product_cat-plastique-fr","9":"first","10":"instock","11":"taxable","12":"shipping-taxable","13":"product-type-simple"},"_links":{"self":[{"href":"https:\/\/www.rosafenster.ch\/fr\/wp-json\/wp\/v2\/product\/2475","targetHints":{"allow":["GET"]}}],"collection":[{"href":"https:\/\/www.rosafenster.ch\/fr\/wp-json\/wp\/v2\/product"}],"about":[{"href":"https:\/\/www.rosafenster.ch\/fr\/wp-json\/wp\/v2\/types\/product"}],"replies":[{"embeddable":true,"href":"https:\/\/www.rosafenster.ch\/fr\/wp-json\/wp\/v2\/comments?post=2475"}],"wp:featuredmedia":[{"embeddable":true,"href":"https:\/\/www.rosafenster.ch\/fr\/wp-json\/wp\/v2\/media\/1186"}],"wp:attachment":[{"href":"https:\/\/www.rosafenster.ch\/fr\/wp-json\/wp\/v2\/media?parent=2475"}],"wp:term":[{"taxonomy":"product_brand","embeddable":true,"href":"https:\/\/www.rosafenster.ch\/fr\/wp-json\/wp\/v2\/product_brand?post=2475"},{"taxonomy":"product_cat","embeddable":true,"href":"https:\/\/www.rosafenster.ch\/fr\/wp-json\/wp\/v2\/product_cat?post=2475"},{"taxonomy":"product_tag","embeddable":true,"href":"https:\/\/www.rosafenster.ch\/fr\/wp-json\/wp\/v2\/product_tag?post=2475"}],"curies":[{"name":"wp","href":"https:\/\/api.w.org\/{rel}","templated":true}]}}