{"id":2493,"date":"2022-12-09T11:54:31","date_gmt":"2022-12-09T10:54:31","guid":{"rendered":"https:\/\/www.rosafenster.ch\/produkt\/non class\u00e9\/porte-coulissante-chene\/"},"modified":"2022-12-09T11:54:31","modified_gmt":"2022-12-09T10:54:31","slug":"porte-coulissante-chene","status":"publish","type":"product","link":"https:\/\/www.rosafenster.ch\/fr\/produkt\/portes-coulissantes\/bois-fr\/porte-coulissante-chene\/","title":{"rendered":"Porte coulissante | Ch\u00eane"},"content":{"rendered":"<p>Les portes coulissantes sont tr\u00e8s peu encombrantes et tr\u00e8s populaires. C&rsquo;est pourquoi il existe de nombreuses variantes, couleurs et m\u00eame tailles de portes. Il y a \u00e9galement une nette diff\u00e9rence dans le type de fixation, ce qui aura certainement une grande influence sur la d\u00e9cision d&rsquo;achat. Les portes coulissantes conviennent particuli\u00e8rement bien \u00e0 la transition entre la maison et le jardin, mais elles sont \u00e9galement de plus en plus utilis\u00e9es \u00e0 l&rsquo;int\u00e9rieur. Les possibilit\u00e9s d&rsquo;utilisation de ce type de portes coulissantes sont pratiquement illimit\u00e9es. Ils s\u00e9parent l&rsquo;espace de vie de la terrasse et peuvent \u00e9galement \u00eatre utilis\u00e9s comme s\u00e9parateurs d&rsquo;espace dans le salon pour un aspect plus raffin\u00e9. Mais elles peuvent aussi \u00eatre utilis\u00e9es comme portes battantes ou portes d&rsquo;armoire.<br \/>\nChez Rosa Fenster GmbH, nous fabriquons les portes coulissantes en bois chez nous, \u00e0 Busswil pr\u00e8s de Lyss. Nos fabrications en bois de ch\u00eane conviennent surtout aux constructions existantes ou aux projets de nouvelles constructions. Le bois de ch\u00eane est l&rsquo;une des essences de bois dur les plus anciennes et les plus appr\u00e9ci\u00e9es au monde. Ce bois plut\u00f4t lourd est un bois d&rsquo;ameublement de premi\u00e8re qualit\u00e9, d&rsquo;une grande solidit\u00e9 et stabilit\u00e9.<br \/>\nLe bois de ch\u00eane brun moyen \u00e0 gris rouge\u00e2tre va s&rsquo;assombrir et laisser ainsi une impression de noblesse. Le grain fin et dense est fortement structur\u00e9 et les rainures des pores soulignent les larges rayons du bois.<\/p>\n","protected":false},"excerpt":{"rendered":"<p>Les portes coulissantes sont tr\u00e8s peu encombrantes et tr\u00e8s populaires. C&rsquo;est pourquoi il existe de nombreuses variantes, couleurs et m\u00eame tailles de portes. Il y a \u00e9galement une nette diff\u00e9rence dans le type de fixation, ce qui aura certainement une grande influence sur la d\u00e9cision d&rsquo;achat. Les portes coulissantes conviennent particuli\u00e8rement bien \u00e0 la transition [&hellip;]<\/p>\n","protected":false},"featured_media":1274,"comment_status":"closed","ping_status":"closed","template":"","meta":{"inline_featured_image":false},"product_brand":[],"product_cat":[154,166],"product_tag":[],"class_list":{"0":"post-2493","1":"product","2":"type-product","3":"status-publish","4":"has-post-thumbnail","6":"product_cat-portes-coulissantes","7":"product_cat-bois-fr","9":"first","10":"instock","11":"taxable","12":"shipping-taxable","13":"product-type-simple"},"_links":{"self":[{"href":"https:\/\/www.rosafenster.ch\/fr\/wp-json\/wp\/v2\/product\/2493","targetHints":{"allow":["GET"]}}],"collection":[{"href":"https:\/\/www.rosafenster.ch\/fr\/wp-json\/wp\/v2\/product"}],"about":[{"href":"https:\/\/www.rosafenster.ch\/fr\/wp-json\/wp\/v2\/types\/product"}],"replies":[{"embeddable":true,"href":"https:\/\/www.rosafenster.ch\/fr\/wp-json\/wp\/v2\/comments?post=2493"}],"wp:featuredmedia":[{"embeddable":true,"href":"https:\/\/www.rosafenster.ch\/fr\/wp-json\/wp\/v2\/media\/1274"}],"wp:attachment":[{"href":"https:\/\/www.rosafenster.ch\/fr\/wp-json\/wp\/v2\/media?parent=2493"}],"wp:term":[{"taxonomy":"product_brand","embeddable":true,"href":"https:\/\/www.rosafenster.ch\/fr\/wp-json\/wp\/v2\/product_brand?post=2493"},{"taxonomy":"product_cat","embeddable":true,"href":"https:\/\/www.rosafenster.ch\/fr\/wp-json\/wp\/v2\/product_cat?post=2493"},{"taxonomy":"product_tag","embeddable":true,"href":"https:\/\/www.rosafenster.ch\/fr\/wp-json\/wp\/v2\/product_tag?post=2493"}],"curies":[{"name":"wp","href":"https:\/\/api.w.org\/{rel}","templated":true}]}}