{"id":2513,"date":"2023-01-25T21:29:32","date_gmt":"2023-01-25T20:29:32","guid":{"rendered":"https:\/\/www.rosafenster.ch\/produkt\/non class\u00e9\/fenetres-en-sapin\/"},"modified":"2023-01-25T21:29:32","modified_gmt":"2023-01-25T20:29:32","slug":"fenetres-en-sapin","status":"publish","type":"product","link":"https:\/\/www.rosafenster.ch\/fr\/produkt\/fenetre-fr\/bois\/fenetres-en-sapin\/","title":{"rendered":"Fen\u00eatres en sapin"},"content":{"rendered":"<p>Les fen\u00eatres en sapin sont un choix populaire pour les constructeurs de maisons et les r\u00e9novateurs, car elles sont \u00e0 la fois esth\u00e9tiques, durables et efficaces sur le plan \u00e9nerg\u00e9tique. Le bois de sapin, que l&rsquo;on trouve souvent en Am\u00e9rique du Nord et en Europe, est un mat\u00e9riau naturel facile \u00e0 travailler et \u00e0 fa\u00e7onner. Il est \u00e9galement r\u00e9sistant aux parasites et aux champignons, ce qui en fait un choix appropri\u00e9 pour les cadres et les rebords de fen\u00eatres.<\/p>\n<p>Par rapport aux fen\u00eatres en plastique, les fen\u00eatres en sapin offrent un aspect plus naturel et un meilleur climat int\u00e9rieur. Ils sont \u00e9galement plus \u00e0 m\u00eame d&rsquo;absorber et de lib\u00e9rer l&rsquo;humidit\u00e9, ce qui les rend moins sensibles \u00e0 la moisissure et \u00e0 la condensation.<\/p>\n<p>Toutefois, les fen\u00eatres en sapin n\u00e9cessitent plus d&rsquo;entretien que les fen\u00eatres en PVC, car elles doivent \u00eatre peintes ou repeintes r\u00e9guli\u00e8rement pour les prot\u00e9ger de l&rsquo;humidit\u00e9 et des rayons UV. Il est \u00e9galement important de v\u00e9rifier r\u00e9guli\u00e8rement les fen\u00eatres en sapin afin de s&rsquo;assurer qu&rsquo;elles sont \u00e9tanches et ne pr\u00e9sentent pas de fuites.<\/p>\n<p>Dans l&rsquo;ensemble, les fen\u00eatres en sapin sont un excellent choix pour les constructeurs de maisons et les r\u00e9novateurs qui attachent de l&rsquo;importance \u00e0 l&rsquo;esth\u00e9tique, \u00e0 la durabilit\u00e9 et \u00e0 l&rsquo;efficacit\u00e9 \u00e9nerg\u00e9tique. Avec des soins et un entretien appropri\u00e9s, ils peuvent durer des d\u00e9cennies et vous offrir un environnement de vie agr\u00e9able et sain.<\/p>\n","protected":false},"excerpt":{"rendered":"<p>Les fen\u00eatres en sapin sont un choix populaire pour les constructeurs de maisons et les r\u00e9novateurs, car elles sont \u00e0 la fois esth\u00e9tiques, durables et efficaces sur le plan \u00e9nerg\u00e9tique. Le bois de sapin, que l&rsquo;on trouve souvent en Am\u00e9rique du Nord et en Europe, est un mat\u00e9riau naturel facile \u00e0 travailler et \u00e0 fa\u00e7onner. [&hellip;]<\/p>\n","protected":false},"featured_media":1300,"comment_status":"closed","ping_status":"open","template":"","meta":{"inline_featured_image":false},"product_brand":[],"product_cat":[135,138],"product_tag":[],"class_list":{"0":"post-2513","1":"product","2":"type-product","3":"status-publish","4":"has-post-thumbnail","6":"product_cat-fenetre-fr","7":"product_cat-bois","9":"first","10":"instock","11":"taxable","12":"shipping-taxable","13":"product-type-simple"},"_links":{"self":[{"href":"https:\/\/www.rosafenster.ch\/fr\/wp-json\/wp\/v2\/product\/2513","targetHints":{"allow":["GET"]}}],"collection":[{"href":"https:\/\/www.rosafenster.ch\/fr\/wp-json\/wp\/v2\/product"}],"about":[{"href":"https:\/\/www.rosafenster.ch\/fr\/wp-json\/wp\/v2\/types\/product"}],"replies":[{"embeddable":true,"href":"https:\/\/www.rosafenster.ch\/fr\/wp-json\/wp\/v2\/comments?post=2513"}],"wp:featuredmedia":[{"embeddable":true,"href":"https:\/\/www.rosafenster.ch\/fr\/wp-json\/wp\/v2\/media\/1300"}],"wp:attachment":[{"href":"https:\/\/www.rosafenster.ch\/fr\/wp-json\/wp\/v2\/media?parent=2513"}],"wp:term":[{"taxonomy":"product_brand","embeddable":true,"href":"https:\/\/www.rosafenster.ch\/fr\/wp-json\/wp\/v2\/product_brand?post=2513"},{"taxonomy":"product_cat","embeddable":true,"href":"https:\/\/www.rosafenster.ch\/fr\/wp-json\/wp\/v2\/product_cat?post=2513"},{"taxonomy":"product_tag","embeddable":true,"href":"https:\/\/www.rosafenster.ch\/fr\/wp-json\/wp\/v2\/product_tag?post=2513"}],"curies":[{"name":"wp","href":"https:\/\/api.w.org\/{rel}","templated":true}]}}